{"id":4126,"date":"2019-12-27T01:21:45","date_gmt":"2019-12-27T01:21:45","guid":{"rendered":"http:\/\/adivat.pt\/inicio\/?page_id=4126"},"modified":"2022-12-07T01:39:15","modified_gmt":"2022-12-07T01:39:15","slug":"gabinete-de-apoio-ao-empreendedor","status":"publish","type":"page","link":"https:\/\/adivat.pt\/inicio\/gabinete-de-apoio-ao-empreendedor\/","title":{"rendered":"Gabinete de apoio ao empreendedor"},"content":{"rendered":"\n<p>Quer criar o seu pr\u00f3prio neg\u00f3cio? Quer investir na sua empresa? Quer expandir o seu neg\u00f3cio ou apostar na qualifica\u00e7\u00e3o e internacionaliza\u00e7\u00e3o da sua empresa? N\u00f3s Podemos Ajudar!<br>O incremento do empreendedorismo quer do ponto de vista econ\u00f3mico e do desenvolvimento do tecido empresarial da regi\u00e3o, quer do ponto de vista do incremento da empregabilidade, representa uma aposta da ADIVAT. Temos os seguintes servi\u00e7os dispon\u00edveis si:<\/p>\n\n\n\n<ul><li>Apoio \u00e0 Cria\u00e7\u00e3o de Neg\u00f3cios;<\/li><li>Capacita\u00e7\u00e3o dos Empreendedores;<\/li><li>Desenvolvimento de Planos de Neg\u00f3cio;<\/li><li>Servi\u00e7os de Consultaria em Diferentes \u00c1reas de Apoio ao Desenvolvimento e Implementa\u00e7\u00e3o do Seu Neg\u00f3cio.<\/li><li>Informa\u00e7\u00e3o e Submiss\u00e3o de Candidaturas a Incentivos no \u00e2mbito do Portugal 2030 e PDR 2030;<\/li><li>Servi\u00e7os de Incuba\u00e7\u00e3o de Projetos\/Empresas.<\/li><li>Atrav\u00e9s de um protocolo com o Instituto de Emprego e Forma\u00e7\u00e3o Profissional e com a Cooperativa Ant\u00f3nio S\u00e9rgio para a Economia Social, disponibilizamos o seguinte servi\u00e7o gratuitamente: Desenvolvimento do plano de neg\u00f3cios no \u00e2mbito de candidaturas ao PAECPE e microcr\u00e9dito, com a possibilidade de consultoria e mentoring durante os 2 primeiros anos de atividade.<\/li><\/ul>\n\n\n\n<p>O Gabinete de Apoio ao Empreendedorismo da ADIVAT disponibiliza um servi\u00e7o integrado de apoio ao empreendedorismo, destinado n\u00e3o s\u00f3 aos empreendedores que pretendam dar in\u00edcio a um neg\u00f3cio pr\u00f3prio, mas tamb\u00e9m \u00e0queles que pretendem reorganizar, reconfigurar, reestruturar ou ainda internacionalizar o seu neg\u00f3cio, numa \u00f3tica de crescimento sustent\u00e1vel.<br>Pretendemos atrav\u00e9s deste gabinete de apoio ao empreendedor promover o desenvolvimento do esp\u00edrito empreendedor atrav\u00e9s da sua capacita\u00e7\u00e3o, de apoio na elabora\u00e7\u00e3o de planos de neg\u00f3cios, de apoio \u00e0 incuba\u00e7\u00e3o de projetos\/empresas e\/ou reestrutura\u00e7\u00e3o de neg\u00f3cios existentes, de apoio \u00e0 internacionaliza\u00e7\u00e3o, sempre com o foco na concretiza\u00e7\u00e3o do neg\u00f3cio.<\/p>\n\n\n\n<p><br><span style=\"color: #dd9933; font-size: 1.25em; font-weight: 600;\">Contatos<\/span><br>Rua Abel Barradas, Bloco B, 1.\u00ba, 5120-398 Tabua\u00e7o<br>Telefone: 927 620 344<br>Correio eletr\u00f3nico: geral@adivat.pt<\/p>\n\n\n\n<figure class=\"wp-block-image size-large is-resized\"><img loading=\"lazy\" src=\"https:\/\/adivat.pt\/inicio\/wp-content\/uploads\/2022\/12\/empreendedor-1024x171.jpg\" alt=\"\" class=\"wp-image-4335\" width=\"1161\" height=\"194\" srcset=\"https:\/\/adivat.pt\/inicio\/wp-content\/uploads\/2022\/12\/empreendedor-1024x171.jpg 1024w, https:\/\/adivat.pt\/inicio\/wp-content\/uploads\/2022\/12\/empreendedor-300x50.jpg 300w, https:\/\/adivat.pt\/inicio\/wp-content\/uploads\/2022\/12\/empreendedor-768x128.jpg 768w, https:\/\/adivat.pt\/inicio\/wp-content\/uploads\/2022\/12\/empreendedor-600x100.jpg 600w, https:\/\/adivat.pt\/inicio\/wp-content\/uploads\/2022\/12\/empreendedor.jpg 1200w\" sizes=\"(max-width: 1161px) 100vw, 1161px\" \/><\/figure>\n\n\n\n&nbsp;\n<hr class=\"wp-block-separator is-style-dots\">\n&nbsp;\n\n\n\n<h2>Necessita de ajuda?<\/h2>\n&nbsp;\n\n\n\n<div role=\"form\" class=\"wpcf7\" id=\"wpcf7-f4155-o1\" lang=\"pt-PT\" dir=\"ltr\">\n<div class=\"screen-reader-response\"><p role=\"status\" aria-live=\"polite\" aria-atomic=\"true\"><\/p> <ul><\/ul><\/div>\n<form action=\"\/inicio\/wp-json\/wp\/v2\/pages\/4126#wpcf7-f4155-o1\" method=\"post\" class=\"wpcf7-form init\" novalidate=\"novalidate\" data-status=\"init\">\n<div style=\"display: none;\">\n<input type=\"hidden\" name=\"_wpcf7\" value=\"4155\" \/>\n<input type=\"hidden\" name=\"_wpcf7_version\" value=\"5.4\" \/>\n<input type=\"hidden\" name=\"_wpcf7_locale\" value=\"pt_PT\" \/>\n<input type=\"hidden\" name=\"_wpcf7_unit_tag\" value=\"wpcf7-f4155-o1\" \/>\n<input type=\"hidden\" name=\"_wpcf7_container_post\" value=\"0\" \/>\n<input type=\"hidden\" name=\"_wpcf7_posted_data_hash\" value=\"\" \/>\n<input type=\"hidden\" name=\"_wpcf7_recaptcha_response\" value=\"\" \/>\n<\/div>\n<div class=\"col col4\" data-margin=\"true\"><span class=\"wpcf7-form-control-wrap your-name\"><input type=\"text\" name=\"your-name\" value=\"\" size=\"40\" class=\"wpcf7-form-control wpcf7-text\" aria-invalid=\"false\" placeholder=\"Nome\" \/><\/span><\/div>\n<div class=\"col col4\" data-margin=\"true\"><span class=\"wpcf7-form-control-wrap your-email\"><input type=\"email\" name=\"your-email\" value=\"\" size=\"40\" class=\"wpcf7-form-control wpcf7-text wpcf7-email wpcf7-validates-as-email\" aria-invalid=\"false\" placeholder=\"E-mail\" \/><\/span><\/div>\n<div class=\"col col4\" data-margin=\"true\"><span class=\"wpcf7-form-control-wrap your-tel\"><input type=\"tel\" name=\"your-tel\" value=\"\" size=\"40\" class=\"wpcf7-form-control wpcf7-text wpcf7-tel wpcf7-validates-as-tel\" aria-invalid=\"false\" placeholder=\"Contato\" \/><\/span><\/div>\n<div class=\"col col12\"  data-margin=\"true\"><span class=\"wpcf7-form-control-wrap your-message\"><textarea name=\"your-message\" cols=\"40\" rows=\"10\" class=\"wpcf7-form-control wpcf7-textarea\" aria-invalid=\"false\" placeholder=\"Mensagem\"><\/textarea><\/span><\/div>\n<div class=\"col col12\"><input type=\"submit\" value=\"Enviar Mensagem\" class=\"wpcf7-form-control wpcf7-submit\" \/><\/div>\n<div class=\"wpcf7-response-output\" aria-hidden=\"true\"><\/div><\/form><\/div>\n","protected":false},"excerpt":{"rendered":"<p>Quer criar o seu pr\u00f3prio neg\u00f3cio? Quer investir na sua empresa? Quer expandir o seu neg\u00f3cio ou apostar na qualifica\u00e7\u00e3o e internacionaliza\u00e7\u00e3o da sua empresa? N\u00f3s Podemos Ajudar!O incremento do empreendedorismo quer do ponto de vista econ\u00f3mico e do desenvolvimento do tecido empresarial da regi\u00e3o, quer do ponto de vista do incremento da empregabilidade, representa [&hellip;]<\/p>\n","protected":false},"author":1,"featured_media":0,"parent":0,"menu_order":0,"comment_status":"closed","ping_status":"closed","template":"","meta":[],"_links":{"self":[{"href":"https:\/\/adivat.pt\/inicio\/wp-json\/wp\/v2\/pages\/4126"}],"collection":[{"href":"https:\/\/adivat.pt\/inicio\/wp-json\/wp\/v2\/pages"}],"about":[{"href":"https:\/\/adivat.pt\/inicio\/wp-json\/wp\/v2\/types\/page"}],"author":[{"embeddable":true,"href":"https:\/\/adivat.pt\/inicio\/wp-json\/wp\/v2\/users\/1"}],"replies":[{"embeddable":true,"href":"https:\/\/adivat.pt\/inicio\/wp-json\/wp\/v2\/comments?post=4126"}],"version-history":[{"count":10,"href":"https:\/\/adivat.pt\/inicio\/wp-json\/wp\/v2\/pages\/4126\/revisions"}],"predecessor-version":[{"id":4347,"href":"https:\/\/adivat.pt\/inicio\/wp-json\/wp\/v2\/pages\/4126\/revisions\/4347"}],"wp:attachment":[{"href":"https:\/\/adivat.pt\/inicio\/wp-json\/wp\/v2\/media?parent=4126"}],"curies":[{"name":"wp","href":"https:\/\/api.w.org\/{rel}","templated":true}]}}